{"id":31526,"date":"2026-01-28T17:08:42","date_gmt":"2026-01-28T16:08:42","guid":{"rendered":"https:\/\/dev8.id-interactive.fr\/new_unither\/publication\/objetivo-2030-nossos-compromissos-atraves-dos-nossos-4-pilares\/"},"modified":"2026-02-03T15:52:09","modified_gmt":"2026-02-03T14:52:09","slug":"objetivo-2030-nossos-compromissos-atraves-dos-nossos-4-pilares","status":"publish","type":"publication","link":"https:\/\/dev8.id-interactive.fr\/new_unither\/pt-br\/publication\/objetivo-2030-nossos-compromissos-atraves-dos-nossos-4-pilares\/","title":{"rendered":"Objetivo 2030: Nossos compromissos atrav\u00e9s dos nossos 4 pilares"},"content":{"rendered":"<div class=\"flex flex-col text-sm pb-25\">\n<article class=\"text-token-text-primary w-full focus:outline-none [--shadow-height:45px] has-data-writing-block:pointer-events-none has-data-writing-block:-mt-(--shadow-height) has-data-writing-block:pt-(--shadow-height) [&amp;:has([data-writing-block])&gt;*]:pointer-events-auto scroll-mt-[calc(var(--header-height)+min(200px,max(70px,20svh)))]\" dir=\"auto\" tabindex=\"-1\" data-turn-id=\"12ca3f92-f89f-4e5d-b6d3-d797096cadac\" data-testid=\"conversation-turn-22\" data-scroll-anchor=\"true\" data-turn=\"assistant\">\n<div class=\"text-base my-auto mx-auto pb-10 [--thread-content-margin:--spacing(4)] @w-sm\/main:[--thread-content-margin:--spacing(6)] @w-lg\/main:[--thread-content-margin:--spacing(16)] px-(--thread-content-margin)\">\n<div class=\"[--thread-content-max-width:40rem] @w-lg\/main:[--thread-content-max-width:48rem] mx-auto max-w-(--thread-content-max-width) flex-1 group\/turn-messages focus-visible:outline-hidden relative flex w-full min-w-0 flex-col agent-turn\" tabindex=\"-1\">\n<div class=\"flex max-w-full flex-col grow\">\n<div class=\"min-h-8 text-message relative flex w-full flex-col items-end gap-2 text-start break-words whitespace-normal [.text-message+&amp;]:mt-1\" dir=\"auto\" data-message-author-role=\"assistant\" data-message-id=\"f696a4d9-b72d-400a-b5f1-cf68690854c2\" data-message-model-slug=\"gpt-5-2\">\n<div class=\"flex w-full flex-col gap-1 empty:hidden first:pt-[1px]\">\n<div class=\"markdown prose dark:prose-invert w-full wrap-break-word light markdown-new-styling\">\n<h3 data-start=\"117\" data-end=\"140\"><strong data-start=\"121\" data-end=\"138\">Objetivo 2030<\/strong><\/h3>\n<p data-start=\"141\" data-end=\"234\">Ser reconhecida como <strong data-start=\"162\" data-end=\"233\">a l\u00edder respons\u00e1vel na produ\u00e7\u00e3o de l\u00edquidos est\u00e9reis e n\u00e3o est\u00e9reis<\/strong>.<\/p>\n<h3 data-start=\"236\" data-end=\"273\"><strong data-start=\"240\" data-end=\"273\">Nossos compromissos por pilar<\/strong><\/h3>\n<hr data-start=\"275\" data-end=\"278\" \/>\n<h3 data-start=\"280\" data-end=\"340\"><strong data-start=\"284\" data-end=\"340\">Pilar 1 \u2013 Solu\u00e7\u00f5es: inovar controlando nosso impacto<\/strong><\/h3>\n<p data-start=\"342\" data-end=\"589\">Na Unither, desenvolvemos solu\u00e7\u00f5es de sa\u00fade que combinam inova\u00e7\u00e3o e responsabilidade. Desde a fase de concep\u00e7\u00e3o, integramos crit\u00e9rios m\u00e9dicos, sociais e ambientais para atender melhor \u00e0s necessidades dos pacientes e reduzir nossa pegada ambiental.<\/p>\n<p data-start=\"591\" data-end=\"833\">Nosso core business est\u00e1 baseado na produ\u00e7\u00e3o de doses unit\u00e1rias, utilizando um material-chave: o pl\u00e1stico. Quando empregado de forma respons\u00e1vel, o pl\u00e1stico garante a seguran\u00e7a dos pacientes, a esterilidade e a acessibilidade dos tratamentos.<\/p>\n<p data-start=\"835\" data-end=\"863\"><strong data-start=\"835\" data-end=\"863\">Principais compromissos:<\/strong><\/p>\n<ul data-start=\"864\" data-end=\"1219\">\n<li data-start=\"864\" data-end=\"980\">\n<p data-start=\"866\" data-end=\"980\">Desenvolver produtos respons\u00e1veis, apoiados por documenta\u00e7\u00e3o ambiental completa (ACV, eco-score, reciclabilidade).<\/p>\n<\/li>\n<li data-start=\"981\" data-end=\"1106\">\n<p data-start=\"983\" data-end=\"1106\">Identificar e substituir mat\u00e9rias-primas de risco (PFAS, \u00f3leos minerais, TiO\u2082, entre outros) por alternativas mais seguras.<\/p>\n<\/li>\n<li data-start=\"1107\" data-end=\"1219\">\n<p data-start=\"1109\" data-end=\"1219\">Promover a inova\u00e7\u00e3o sustent\u00e1vel por meio do ecossistema InnoSphere e de uma matriz ESG integrada aos projetos.<\/p>\n<\/li>\n<\/ul>\n<hr data-start=\"1221\" data-end=\"1224\" \/>\n<h3 data-start=\"1226\" data-end=\"1275\"><strong data-start=\"1230\" data-end=\"1275\">Pilar 2 \u2013 F\u00e1bricas: reduzir nosso impacto<\/strong><\/h3>\n<p data-start=\"1277\" data-end=\"1390\">Medimos e reduzimos nossa pegada ambiental em todas as etapas, desde as mat\u00e9rias-primas at\u00e9 os produtos acabados.<\/p>\n<p data-start=\"1392\" data-end=\"1621\">Um invent\u00e1rio completo de emiss\u00f5es de carbono (Escopos 1, 2 e 3), realizado em todas as nossas unidades, permite direcionar a\u00e7\u00f5es priorit\u00e1rias e conduzir nossa estrat\u00e9gia de descarboniza\u00e7\u00e3o em conformidade com os padr\u00f5es da SBTi.<\/p>\n<p data-start=\"1623\" data-end=\"1648\"><strong data-start=\"1623\" data-end=\"1648\">Principais alavancas:<\/strong><\/p>\n<ul data-start=\"1649\" data-end=\"1882\">\n<li data-start=\"1649\" data-end=\"1720\">\n<p data-start=\"1651\" data-end=\"1720\">Otimiza\u00e7\u00e3o dos formatos de doses unit\u00e1rias est\u00e9reis (Blow-Fill-Seal).<\/p>\n<\/li>\n<li data-start=\"1721\" data-end=\"1783\">\n<p data-start=\"1723\" data-end=\"1783\">Gest\u00e3o e redu\u00e7\u00e3o do consumo de energia (objetivo ISO 50001).<\/p>\n<\/li>\n<li data-start=\"1784\" data-end=\"1882\">\n<p data-start=\"1786\" data-end=\"1882\">Implementa\u00e7\u00e3o de circuitos fechados de reciclagem de materiais (ex.: PEBD na unidade de Gannat).<\/p>\n<\/li>\n<\/ul>\n<hr data-start=\"1884\" data-end=\"1887\" \/>\n<h3 data-start=\"1889\" data-end=\"1936\"><strong data-start=\"1893\" data-end=\"1936\">Pilar 3 \u2013 Pessoas: desenvolver talentos<\/strong><\/h3>\n<p data-start=\"1938\" data-end=\"2071\">Colocamos as pessoas no centro do nosso desempenho sustent\u00e1vel, promovendo um ambiente de trabalho seguro, inclusivo e com prop\u00f3sito.<\/p>\n<p data-start=\"2073\" data-end=\"2097\"><strong data-start=\"2073\" data-end=\"2097\">Nossos compromissos:<\/strong><\/p>\n<ul data-start=\"2098\" data-end=\"2342\">\n<li data-start=\"2098\" data-end=\"2176\">\n<p data-start=\"2100\" data-end=\"2176\">Capacita\u00e7\u00e3o, desenvolvimento profissional e pr\u00e1ticas de gest\u00e3o respons\u00e1veis.<\/p>\n<\/li>\n<li data-start=\"2177\" data-end=\"2242\">\n<p data-start=\"2179\" data-end=\"2242\">Promo\u00e7\u00e3o da igualdade de oportunidades, diversidade e inclus\u00e3o.<\/p>\n<\/li>\n<li data-start=\"2243\" data-end=\"2342\">\n<p data-start=\"2245\" data-end=\"2342\">Respeito aos direitos fundamentais (c\u00f3digo de conduta, preven\u00e7\u00e3o ao ass\u00e9dio e n\u00e3o discrimina\u00e7\u00e3o).<\/p>\n<\/li>\n<\/ul>\n<hr data-start=\"2344\" data-end=\"2347\" \/>\n<h3 data-start=\"2349\" data-end=\"2414\"><strong data-start=\"2353\" data-end=\"2414\">Pilar 4 \u2013 Comunidade: atuar em um ecossistema respons\u00e1vel<\/strong><\/h3>\n<p data-start=\"2416\" data-end=\"2544\">Constru\u00edmos parcerias de longo prazo com fornecedores e atores locais, integrando crit\u00e9rios ESG em todas as decis\u00f5es de compras.<\/p>\n<p data-start=\"2546\" data-end=\"2573\"><strong data-start=\"2546\" data-end=\"2573\">Compromissos concretos:<\/strong><\/p>\n<ul data-start=\"2574\" data-end=\"2886\" data-is-last-node=\"\" data-is-only-node=\"\">\n<li data-start=\"2574\" data-end=\"2680\">\n<p data-start=\"2576\" data-end=\"2680\">Pol\u00edtica de compras respons\u00e1veis compartilhada com nossos parceiros (ver a Carta de Compras da Unither).<\/p>\n<\/li>\n<li data-start=\"2681\" data-end=\"2763\">\n<p data-start=\"2683\" data-end=\"2763\">Integra\u00e7\u00e3o de crit\u00e9rios sociais, ambientais e \u00e9ticos na sele\u00e7\u00e3o de fornecedores.<\/p>\n<\/li>\n<li data-start=\"2764\" data-end=\"2828\">\n<p data-start=\"2766\" data-end=\"2828\">Objetivo de alcan\u00e7ar a <strong data-start=\"2789\" data-end=\"2827\">medalha prata da EcoVadis at\u00e9 2026<\/strong>.<\/p>\n<\/li>\n<li data-start=\"2829\" data-end=\"2886\" data-is-last-node=\"\">\n<p data-start=\"2831\" data-end=\"2886\" data-is-last-node=\"\">Objetivo de aderir ao <strong data-start=\"2853\" data-end=\"2885\">Pacto Global da ONU at\u00e9 2026<\/strong>.<\/p>\n<\/li>\n<\/ul>\n<\/div>\n<\/div>\n<\/div>\n<\/div>\n<\/div>\n<\/div>\n<\/article>\n<\/div>\n","protected":false},"excerpt":{"rendered":"<p>Objetivo 2030 Ser reconhecida como a l\u00edder respons\u00e1vel na produ\u00e7\u00e3o de l\u00edquidos est\u00e9reis e n\u00e3o est\u00e9reis. Nossos compromissos por pilar Pilar 1 \u2013 Solu\u00e7\u00f5es: inovar controlando nosso impacto Na Unither, desenvolvemos solu\u00e7\u00f5es de sa\u00fade que combinam inova\u00e7\u00e3o e responsabilidade. Desde a fase de concep\u00e7\u00e3o, integramos crit\u00e9rios m\u00e9dicos, sociais e ambientais para atender melhor \u00e0s necessidades [&hellip;]<\/p>\n","protected":false},"featured_media":31527,"menu_order":0,"template":"","meta":{"_acf_changed":false},"topic":[],"media_type":[],"class_list":["post-31526","publication","type-publication","status-publish","has-post-thumbnail","hentry"],"acf":[],"_links":{"self":[{"href":"https:\/\/dev8.id-interactive.fr\/new_unither\/pt-br\/wp-json\/wp\/v2\/publication\/31526","targetHints":{"allow":["GET"]}}],"collection":[{"href":"https:\/\/dev8.id-interactive.fr\/new_unither\/pt-br\/wp-json\/wp\/v2\/publication"}],"about":[{"href":"https:\/\/dev8.id-interactive.fr\/new_unither\/pt-br\/wp-json\/wp\/v2\/types\/publication"}],"wp:featuredmedia":[{"embeddable":true,"href":"https:\/\/dev8.id-interactive.fr\/new_unither\/pt-br\/wp-json\/wp\/v2\/media\/31527"}],"wp:attachment":[{"href":"https:\/\/dev8.id-interactive.fr\/new_unither\/pt-br\/wp-json\/wp\/v2\/media?parent=31526"}],"wp:term":[{"taxonomy":"topic","embeddable":true,"href":"https:\/\/dev8.id-interactive.fr\/new_unither\/pt-br\/wp-json\/wp\/v2\/topic?post=31526"},{"taxonomy":"media_type","embeddable":true,"href":"https:\/\/dev8.id-interactive.fr\/new_unither\/pt-br\/wp-json\/wp\/v2\/media_type?post=31526"}],"curies":[{"name":"wp","href":"https:\/\/api.w.org\/{rel}","templated":true}]}}